{"id":3505,"date":"2024-11-07T19:31:23","date_gmt":"2024-11-07T18:31:23","guid":{"rendered":"https:\/\/www.megiw.pl\/?post_type=product&#038;p=3505"},"modified":"2024-12-16T09:42:21","modified_gmt":"2024-12-16T08:42:21","slug":"domek-fikus-z-witrynami-i-z-tarasem-40mm-416x600","status":"publish","type":"product","link":"https:\/\/www.megiw.pl\/de\/produkt\/domek-fikus-z-witrynami-i-z-tarasem-40mm-416x600\/","title":{"rendered":"Haus \u201eFikus\u201d mit Vitrinen und Terrasse 40mm 416\u00d7600"},"content":{"rendered":"","protected":false},"excerpt":{"rendered":"<p>Gro\u00dfes funktionales Gartenhaus aus Holz, gefertigt aus Fichtenholz mit einer Wandst\u00e4rke von 40 mm. Das verl\u00e4ngerte Dach sch\u00fctzt den Eingang vor Niederschl\u00e4gen, und die doppelfl\u00fcgeligen T\u00fcren erm\u00f6glichen das problemlose Hineinfahren von Rasenm\u00e4hern oder Fahrr\u00e4dern. Die M\u00f6glichkeit, eine Terrasse zu montieren, erh\u00f6ht die Nutzfl\u00e4che des Hauses. <\/p>","protected":false},"featured_media":4730,"template":"","meta":{"site-sidebar-layout":"default","site-content-layout":"","ast-site-content-layout":"default","site-content-style":"default","site-sidebar-style":"default","ast-global-header-display":"","ast-banner-title-visibility":"","ast-main-header-display":"","ast-hfb-above-header-display":"","ast-hfb-below-header-display":"","ast-hfb-mobile-header-display":"","site-post-title":"","ast-breadcrumbs-content":"","ast-featured-img":"","footer-sml-layout":"","theme-transparent-header-meta":"default","adv-header-id-meta":"","stick-header-meta":"","header-above-stick-meta":"","header-main-stick-meta":"","header-below-stick-meta":"","astra-migrate-meta-layouts":"set","ast-page-background-enabled":"default","ast-page-background-meta":{"desktop":{"background-color":"var(--ast-global-color-4)","background-image":"","background-repeat":"repeat","background-position":"center center","background-size":"auto","background-attachment":"scroll","background-type":"","background-media":"","overlay-type":"","overlay-color":"","overlay-opacity":"","overlay-gradient":""},"tablet":{"background-color":"","background-image":"","background-repeat":"repeat","background-position":"center center","background-size":"auto","background-attachment":"scroll","background-type":"","background-media":"","overlay-type":"","overlay-color":"","overlay-opacity":"","overlay-gradient":""},"mobile":{"background-color":"","background-image":"","background-repeat":"repeat","background-position":"center center","background-size":"auto","background-attachment":"scroll","background-type":"","background-media":"","overlay-type":"","overlay-color":"","overlay-opacity":"","overlay-gradient":""}},"ast-content-background-meta":{"desktop":{"background-color":"var(--ast-global-color-5)","background-image":"","background-repeat":"repeat","background-position":"center center","background-size":"auto","background-attachment":"scroll","background-type":"","background-media":"","overlay-type":"","overlay-color":"","overlay-opacity":"","overlay-gradient":""},"tablet":{"background-color":"var(--ast-global-color-5)","background-image":"","background-repeat":"repeat","background-position":"center center","background-size":"auto","background-attachment":"scroll","background-type":"","background-media":"","overlay-type":"","overlay-color":"","overlay-opacity":"","overlay-gradient":""},"mobile":{"background-color":"var(--ast-global-color-5)","background-image":"","background-repeat":"repeat","background-position":"center center","background-size":"auto","background-attachment":"scroll","background-type":"","background-media":"","overlay-type":"","overlay-color":"","overlay-opacity":"","overlay-gradient":""}}},"product_cat":[94,100],"product_tag":[179],"class_list":{"0":"post-3505","1":"product","2":"type-product","3":"status-publish","4":"has-post-thumbnail","6":"product_cat-domki","7":"product_cat-dachy-dwuspadowe","8":"product_tag-40mm","9":"desktop-align-center","10":"tablet-align-left","11":"mobile-align-left","13":"first","14":"instock","15":"shipping-taxable","16":"purchasable","17":"product-type-variable"},"yoast_head":"<!-- This site is optimized with the Yoast SEO plugin v24.0 - https:\/\/yoast.com\/wordpress\/plugins\/seo\/ -->\n<title>Domek &quot;Fikus&quot; z witrynami i z tarasem 40mm 416x600 - Megiw<\/title>\n<meta name=\"robots\" content=\"index, follow, max-snippet:-1, max-image-preview:large, max-video-preview:-1\" \/>\n<link rel=\"canonical\" href=\"https:\/\/www.megiw.pl\/de\/produkt\/domek-fikus-z-witrynami-i-z-tarasem-40mm-416x600\/\" \/>\n<meta property=\"og:locale\" content=\"de_DE\" \/>\n<meta property=\"og:type\" content=\"article\" \/>\n<meta property=\"og:title\" content=\"Domek &quot;Fikus&quot; z witrynami i z tarasem 40mm 416x600 - Megiw\" \/>\n<meta property=\"og:description\" content=\"Du\u017cy funkcjonalny drewniany domek ogrodowy, wykonany z drewna \u015bwierkowego o grubo\u015bci \u015bcian 40mm. Wyd\u0142u\u017cony daszek zabezpiecza wej\u015bcie do domku przed opadami, a dwuskrzyd\u0142owe drzwi pozwalaj\u0105 na swobodne wprowadzenie kosiarki czy rower\u00f3w. Mo\u017cliwo\u015b\u0107 monta\u017cu tarasu sprawi, \u017ce powierzchnia u\u017cytkowa domku wzro\u015bnie.\" \/>\n<meta property=\"og:url\" content=\"https:\/\/www.megiw.pl\/de\/produkt\/domek-fikus-z-witrynami-i-z-tarasem-40mm-416x600\/\" \/>\n<meta property=\"og:site_name\" content=\"Megiw\" \/>\n<meta property=\"article:modified_time\" content=\"2024-12-16T08:42:21+00:00\" \/>\n<meta property=\"og:image\" content=\"https:\/\/www.megiw.pl\/wp-content\/uploads\/2024\/11\/Domek-_Fikus_-z-witrynami-i-z-tarasem-40mm-416x600-v2.jpg\" \/>\n\t<meta property=\"og:image:width\" content=\"1280\" \/>\n\t<meta property=\"og:image:height\" content=\"1280\" \/>\n\t<meta property=\"og:image:type\" content=\"image\/jpeg\" \/>\n<meta name=\"twitter:card\" content=\"summary_large_image\" \/>\n<meta name=\"twitter:label1\" content=\"Gesch\u00e4tzte Lesezeit\" \/>\n\t<meta name=\"twitter:data1\" content=\"1\u00a0Minute\" \/>\n<script type=\"application\/ld+json\" class=\"yoast-schema-graph\">{\"@context\":\"https:\/\/schema.org\",\"@graph\":[{\"@type\":\"WebPage\",\"@id\":\"https:\/\/www.megiw.pl\/produkt\/domek-fikus-z-witrynami-i-z-tarasem-40mm-416x600\/\",\"url\":\"https:\/\/www.megiw.pl\/produkt\/domek-fikus-z-witrynami-i-z-tarasem-40mm-416x600\/\",\"name\":\"Domek \\\"Fikus\\\" z witrynami i z tarasem 40mm 416x600 - Megiw\",\"isPartOf\":{\"@id\":\"https:\/\/www.megiw.pl\/#website\"},\"primaryImageOfPage\":{\"@id\":\"https:\/\/www.megiw.pl\/produkt\/domek-fikus-z-witrynami-i-z-tarasem-40mm-416x600\/#primaryimage\"},\"image\":{\"@id\":\"https:\/\/www.megiw.pl\/produkt\/domek-fikus-z-witrynami-i-z-tarasem-40mm-416x600\/#primaryimage\"},\"thumbnailUrl\":\"https:\/\/www.megiw.pl\/wp-content\/uploads\/2024\/11\/Domek-_Fikus_-z-witrynami-i-z-tarasem-40mm-416x600-v2.jpg\",\"datePublished\":\"2024-11-07T18:31:23+00:00\",\"dateModified\":\"2024-12-16T08:42:21+00:00\",\"breadcrumb\":{\"@id\":\"https:\/\/www.megiw.pl\/produkt\/domek-fikus-z-witrynami-i-z-tarasem-40mm-416x600\/#breadcrumb\"},\"inLanguage\":\"de\",\"potentialAction\":[{\"@type\":\"ReadAction\",\"target\":[\"https:\/\/www.megiw.pl\/produkt\/domek-fikus-z-witrynami-i-z-tarasem-40mm-416x600\/\"]}]},{\"@type\":\"ImageObject\",\"inLanguage\":\"de\",\"@id\":\"https:\/\/www.megiw.pl\/produkt\/domek-fikus-z-witrynami-i-z-tarasem-40mm-416x600\/#primaryimage\",\"url\":\"https:\/\/www.megiw.pl\/wp-content\/uploads\/2024\/11\/Domek-_Fikus_-z-witrynami-i-z-tarasem-40mm-416x600-v2.jpg\",\"contentUrl\":\"https:\/\/www.megiw.pl\/wp-content\/uploads\/2024\/11\/Domek-_Fikus_-z-witrynami-i-z-tarasem-40mm-416x600-v2.jpg\",\"width\":1280,\"height\":1280},{\"@type\":\"BreadcrumbList\",\"@id\":\"https:\/\/www.megiw.pl\/produkt\/domek-fikus-z-witrynami-i-z-tarasem-40mm-416x600\/#breadcrumb\",\"itemListElement\":[{\"@type\":\"ListItem\",\"position\":1,\"name\":\"Strona g\u0142\u00f3wna\",\"item\":\"https:\/\/www.megiw.pl\/\"},{\"@type\":\"ListItem\",\"position\":2,\"name\":\"Sklep\",\"item\":\"https:\/\/www.megiw.pl\/en\/sklep\/\"},{\"@type\":\"ListItem\",\"position\":3,\"name\":\"Domek &#8222;Fikus&#8221; z witrynami i z tarasem 40mm 416&#215;600\"}]},{\"@type\":\"WebSite\",\"@id\":\"https:\/\/www.megiw.pl\/#website\",\"url\":\"https:\/\/www.megiw.pl\/\",\"name\":\"Megiw\",\"description\":\"Sauny, producent saun - zak\u0142ad obr\u00f3bki drewna\",\"publisher\":{\"@id\":\"https:\/\/www.megiw.pl\/#organization\"},\"alternateName\":\"Megiw\",\"potentialAction\":[{\"@type\":\"SearchAction\",\"target\":{\"@type\":\"EntryPoint\",\"urlTemplate\":\"https:\/\/www.megiw.pl\/?s={search_term_string}\"},\"query-input\":{\"@type\":\"PropertyValueSpecification\",\"valueRequired\":true,\"valueName\":\"search_term_string\"}}],\"inLanguage\":\"de\"},{\"@type\":\"Organization\",\"@id\":\"https:\/\/www.megiw.pl\/#organization\",\"name\":\"Megiw\",\"url\":\"https:\/\/www.megiw.pl\/\",\"logo\":{\"@type\":\"ImageObject\",\"inLanguage\":\"de\",\"@id\":\"https:\/\/www.megiw.pl\/#\/schema\/logo\/image\/\",\"url\":\"https:\/\/www.megiw.pl\/wp-content\/uploads\/2024\/10\/cropped-MEGIW_LOGO_-1-removebg-preview-3.png\",\"contentUrl\":\"https:\/\/www.megiw.pl\/wp-content\/uploads\/2024\/10\/cropped-MEGIW_LOGO_-1-removebg-preview-3.png\",\"width\":511,\"height\":489,\"caption\":\"Megiw\"},\"image\":{\"@id\":\"https:\/\/www.megiw.pl\/#\/schema\/logo\/image\/\"}}]}<\/script>\n<!-- \/ Yoast SEO plugin. -->","yoast_head_json":{"title":"Domek \"Fikus\" z witrynami i z tarasem 40mm 416x600 - Megiw","robots":{"index":"index","follow":"follow","max-snippet":"max-snippet:-1","max-image-preview":"max-image-preview:large","max-video-preview":"max-video-preview:-1"},"canonical":"https:\/\/www.megiw.pl\/de\/produkt\/domek-fikus-z-witrynami-i-z-tarasem-40mm-416x600\/","og_locale":"de_DE","og_type":"article","og_title":"Domek \"Fikus\" z witrynami i z tarasem 40mm 416x600 - Megiw","og_description":"Du\u017cy funkcjonalny drewniany domek ogrodowy, wykonany z drewna \u015bwierkowego o grubo\u015bci \u015bcian 40mm. Wyd\u0142u\u017cony daszek zabezpiecza wej\u015bcie do domku przed opadami, a dwuskrzyd\u0142owe drzwi pozwalaj\u0105 na swobodne wprowadzenie kosiarki czy rower\u00f3w. Mo\u017cliwo\u015b\u0107 monta\u017cu tarasu sprawi, \u017ce powierzchnia u\u017cytkowa domku wzro\u015bnie.","og_url":"https:\/\/www.megiw.pl\/de\/produkt\/domek-fikus-z-witrynami-i-z-tarasem-40mm-416x600\/","og_site_name":"Megiw","article_modified_time":"2024-12-16T08:42:21+00:00","og_image":[{"width":1280,"height":1280,"url":"https:\/\/www.megiw.pl\/wp-content\/uploads\/2024\/11\/Domek-_Fikus_-z-witrynami-i-z-tarasem-40mm-416x600-v2.jpg","type":"image\/jpeg"}],"twitter_card":"summary_large_image","twitter_misc":{"Gesch\u00e4tzte Lesezeit":"1\u00a0Minute"},"schema":{"@context":"https:\/\/schema.org","@graph":[{"@type":"WebPage","@id":"https:\/\/www.megiw.pl\/produkt\/domek-fikus-z-witrynami-i-z-tarasem-40mm-416x600\/","url":"https:\/\/www.megiw.pl\/produkt\/domek-fikus-z-witrynami-i-z-tarasem-40mm-416x600\/","name":"Domek \"Fikus\" z witrynami i z tarasem 40mm 416x600 - Megiw","isPartOf":{"@id":"https:\/\/www.megiw.pl\/#website"},"primaryImageOfPage":{"@id":"https:\/\/www.megiw.pl\/produkt\/domek-fikus-z-witrynami-i-z-tarasem-40mm-416x600\/#primaryimage"},"image":{"@id":"https:\/\/www.megiw.pl\/produkt\/domek-fikus-z-witrynami-i-z-tarasem-40mm-416x600\/#primaryimage"},"thumbnailUrl":"https:\/\/www.megiw.pl\/wp-content\/uploads\/2024\/11\/Domek-_Fikus_-z-witrynami-i-z-tarasem-40mm-416x600-v2.jpg","datePublished":"2024-11-07T18:31:23+00:00","dateModified":"2024-12-16T08:42:21+00:00","breadcrumb":{"@id":"https:\/\/www.megiw.pl\/produkt\/domek-fikus-z-witrynami-i-z-tarasem-40mm-416x600\/#breadcrumb"},"inLanguage":"de","potentialAction":[{"@type":"ReadAction","target":["https:\/\/www.megiw.pl\/produkt\/domek-fikus-z-witrynami-i-z-tarasem-40mm-416x600\/"]}]},{"@type":"ImageObject","inLanguage":"de","@id":"https:\/\/www.megiw.pl\/produkt\/domek-fikus-z-witrynami-i-z-tarasem-40mm-416x600\/#primaryimage","url":"https:\/\/www.megiw.pl\/wp-content\/uploads\/2024\/11\/Domek-_Fikus_-z-witrynami-i-z-tarasem-40mm-416x600-v2.jpg","contentUrl":"https:\/\/www.megiw.pl\/wp-content\/uploads\/2024\/11\/Domek-_Fikus_-z-witrynami-i-z-tarasem-40mm-416x600-v2.jpg","width":1280,"height":1280},{"@type":"BreadcrumbList","@id":"https:\/\/www.megiw.pl\/produkt\/domek-fikus-z-witrynami-i-z-tarasem-40mm-416x600\/#breadcrumb","itemListElement":[{"@type":"ListItem","position":1,"name":"Strona g\u0142\u00f3wna","item":"https:\/\/www.megiw.pl\/"},{"@type":"ListItem","position":2,"name":"Sklep","item":"https:\/\/www.megiw.pl\/en\/sklep\/"},{"@type":"ListItem","position":3,"name":"Domek &#8222;Fikus&#8221; z witrynami i z tarasem 40mm 416&#215;600"}]},{"@type":"WebSite","@id":"https:\/\/www.megiw.pl\/#website","url":"https:\/\/www.megiw.pl\/","name":"Megiw","description":"Sauny, producent saun - zak\u0142ad obr\u00f3bki drewna","publisher":{"@id":"https:\/\/www.megiw.pl\/#organization"},"alternateName":"Megiw","potentialAction":[{"@type":"SearchAction","target":{"@type":"EntryPoint","urlTemplate":"https:\/\/www.megiw.pl\/?s={search_term_string}"},"query-input":{"@type":"PropertyValueSpecification","valueRequired":true,"valueName":"search_term_string"}}],"inLanguage":"de"},{"@type":"Organization","@id":"https:\/\/www.megiw.pl\/#organization","name":"Megiw","url":"https:\/\/www.megiw.pl\/","logo":{"@type":"ImageObject","inLanguage":"de","@id":"https:\/\/www.megiw.pl\/#\/schema\/logo\/image\/","url":"https:\/\/www.megiw.pl\/wp-content\/uploads\/2024\/10\/cropped-MEGIW_LOGO_-1-removebg-preview-3.png","contentUrl":"https:\/\/www.megiw.pl\/wp-content\/uploads\/2024\/10\/cropped-MEGIW_LOGO_-1-removebg-preview-3.png","width":511,"height":489,"caption":"Megiw"},"image":{"@id":"https:\/\/www.megiw.pl\/#\/schema\/logo\/image\/"}}]}},"_links":{"self":[{"href":"https:\/\/www.megiw.pl\/de\/wp-json\/wp\/v2\/product\/3505"}],"collection":[{"href":"https:\/\/www.megiw.pl\/de\/wp-json\/wp\/v2\/product"}],"about":[{"href":"https:\/\/www.megiw.pl\/de\/wp-json\/wp\/v2\/types\/product"}],"wp:featuredmedia":[{"embeddable":true,"href":"https:\/\/www.megiw.pl\/de\/wp-json\/wp\/v2\/media\/4730"}],"wp:attachment":[{"href":"https:\/\/www.megiw.pl\/de\/wp-json\/wp\/v2\/media?parent=3505"}],"wp:term":[{"taxonomy":"product_cat","embeddable":true,"href":"https:\/\/www.megiw.pl\/de\/wp-json\/wp\/v2\/product_cat?post=3505"},{"taxonomy":"product_tag","embeddable":true,"href":"https:\/\/www.megiw.pl\/de\/wp-json\/wp\/v2\/product_tag?post=3505"}],"curies":[{"name":"wp","href":"https:\/\/api.w.org\/{rel}","templated":true}]}}